{"id":54,"date":"2022-12-08T01:32:54","date_gmt":"2022-12-08T01:32:54","guid":{"rendered":"https:\/\/www.panver.mx\/web\/?page_id=54"},"modified":"2023-05-24T19:28:52","modified_gmt":"2023-05-24T19:28:52","slug":"estrados","status":"publish","type":"page","link":"https:\/\/www.panver.mx\/web\/vida-interna\/estrados\/","title":{"rendered":"Estrados electr\u00f3nicos"},"content":{"rendered":"\n<div class=\"wp-block-query alignwide is-layout-flow wp-block-query-is-layout-flow\"><ul class=\"wp-block-post-template is-layout-flow wp-block-post-template-is-layout-flow\"><li class=\"wp-block-post post-3736 post type-post status-publish format-standard hentry category-sin-categoria\">\n<h2 class=\"wp-block-post-title\">C\u00c9DULA DE PUBLICACI\u00d3N<\/h2>\n\n\n\n<div class=\"wp-block-post-excerpt\"><p class=\"wp-block-post-excerpt__excerpt\">LA NOTIFICACI\u00d3N A LA MILITANCIA RELATIVA AL CIERRE DEL SISTEMA DE VERIFICACI\u00d3N DEL PADR\u00d3N DE PERSONAS AFILIADAS A LOS PARTIDOS POL\u00cdTICOS (SVPPAPP), CONFORME AL OFICIO RNM\/105\/2026, DE FECHA 01 DE ABRIL DE 2026, EMITIDO&#46;&#46;&#46; <\/p><\/div>\n<\/li><li class=\"wp-block-post post-3717 post type-post status-publish format-standard hentry category-sin-categoria\">\n<h2 class=\"wp-block-post-title\">C\u00c9DULAS VIII ASAMBLEA JUVENIL<\/h2>\n\n\n\n<div class=\"wp-block-post-excerpt\"><p class=\"wp-block-post-excerpt__excerpt\"> <\/p><\/div>\n<\/li><li class=\"wp-block-post post-3710 post type-post status-publish format-standard has-post-thumbnail hentry category-estrados-general\">\n<h2 class=\"wp-block-post-title\">Convocatoria VIII Asamblea Estatal de Acci\u00f3n Juvenil en Veracruz<\/h2>\n\n\n\n<div class=\"wp-block-post-excerpt\"><p class=\"wp-block-post-excerpt__excerpt\"> <\/p><\/div>\n<\/li><li class=\"wp-block-post post-3700 post type-post status-publish format-standard has-post-thumbnail hentry category-estrados-general category-sin-categoria\">\n<h2 class=\"wp-block-post-title\">C\u00e9dula de publicaci\u00f3n VIII Asamblea Estatal de Acci\u00f3n Juvenil en Veracruz<\/h2>\n\n\n\n<div class=\"wp-block-post-excerpt\"><p class=\"wp-block-post-excerpt__excerpt\"> <\/p><\/div>\n<\/li><li class=\"wp-block-post post-3696 post type-post status-publish format-standard has-post-thumbnail hentry category-cepe category-estrados-general\">\n<h2 class=\"wp-block-post-title\">PROVIDENCIAS EMITIDAS POR EL PRESIDENTE NACIONAL, EN USO DE LA FACULTAD CONFERIDA POR EL ART\u00cdCULO 58, NUMERAL 1, INCISO J) DE LOS ESTATUTOS GENERALES DEL PARTIDO ACCI\u00d3N NACIONAL, POR LAS QUE SE AUTORIZA LA EMISI\u00d3N DE LA INVITACI\u00d3N DIRIGIDA A LA MILITANCIA DEL PARTIDO ACCI\u00d3N NACIONAL Y A LA CIUDADAN\u00cdA EN GENERAL DEL MUNICIPIO DE TAMIAHUA DEL ESTADO DE VERACRUZ, A PARTICIPAR EN EL PROCESO INTERNO DE DESIGNACI\u00d3N DE LAS CANDIDATURAS A LA PRESIDENCIA, SINDICATURA Y REGIDUR\u00cdAS, QUE REGISTRAR\u00c1 EL PARTIDO ACCI\u00d3N NACIONAL CON MOTIVO DEL PROCESO ELECTORAL LOCAL EXTRAORDINARIO 2026 EN EL ESTADO DE VERACRUZ<\/h2>\n\n\n\n<div class=\"wp-block-post-excerpt\"><p class=\"wp-block-post-excerpt__excerpt\"> <\/p><\/div>\n<\/li><\/ul>\n\n<nav class=\"wp-block-query-pagination is-layout-flex wp-block-query-pagination-is-layout-flex\" aria-label=\"Paginaci\u00f3n\">\n\n\n<div class=\"wp-block-query-pagination-numbers\"><span aria-current=\"page\" class=\"page-numbers current\">1<\/span>\n<a class=\"page-numbers\" href=\"?query-20-page=2\">2<\/a>\n<a class=\"page-numbers\" href=\"?query-20-page=3\">3<\/a>\n<span class=\"page-numbers dots\">&hellip;<\/span>\n<a class=\"page-numbers\" href=\"?query-20-page=60\">60<\/a><\/div>\n\n<a href=\"\/web\/wp-json\/wp\/v2\/pages\/54?query-20-page=2\" class=\"wp-block-query-pagination-next\">P\u00e1gina siguiente<\/a>\n<\/nav>\n\n<\/div>\n","protected":false},"excerpt":{"rendered":"","protected":false},"author":1,"featured_media":0,"parent":52,"menu_order":0,"comment_status":"closed","ping_status":"closed","template":"","meta":{"footnotes":""},"class_list":["post-54","page","type-page","status-publish","hentry"],"yoast_head":"<!-- This site is optimized with the Yoast SEO plugin v26.5 - https:\/\/yoast.com\/wordpress\/plugins\/seo\/ -->\n<title>Estrados electr\u00f3nicos - PAN Veracruz<\/title>\n<meta name=\"robots\" content=\"index, follow, max-snippet:-1, max-image-preview:large, max-video-preview:-1\" \/>\n<link rel=\"canonical\" href=\"https:\/\/www.panver.mx\/web\/vida-interna\/estrados\/\" \/>\n<link rel=\"next\" href=\"https:\/\/www.panver.mx\/web\/vida-interna\/estrados\/54?query-20-page=2\" \/>\n<meta property=\"og:locale\" content=\"es_MX\" \/>\n<meta property=\"og:type\" content=\"article\" \/>\n<meta property=\"og:title\" content=\"Estrados electr\u00f3nicos - PAN Veracruz\" \/>\n<meta property=\"og:url\" content=\"https:\/\/www.panver.mx\/web\/vida-interna\/estrados\/\" \/>\n<meta property=\"og:site_name\" content=\"PAN Veracruz\" \/>\n<meta property=\"article:modified_time\" content=\"2023-05-24T19:28:52+00:00\" \/>\n<meta name=\"twitter:card\" content=\"summary_large_image\" \/>\n<script type=\"application\/ld+json\" class=\"yoast-schema-graph\">{\"@context\":\"https:\/\/schema.org\",\"@graph\":[{\"@type\":\"WebPage\",\"@id\":\"https:\/\/www.panver.mx\/web\/vida-interna\/estrados\/\",\"url\":\"https:\/\/www.panver.mx\/web\/vida-interna\/estrados\/\",\"name\":\"Estrados electr\u00f3nicos - PAN Veracruz\",\"isPartOf\":{\"@id\":\"https:\/\/www.panver.mx\/web\/#website\"},\"datePublished\":\"2022-12-08T01:32:54+00:00\",\"dateModified\":\"2023-05-24T19:28:52+00:00\",\"breadcrumb\":{\"@id\":\"https:\/\/www.panver.mx\/web\/vida-interna\/estrados\/#breadcrumb\"},\"inLanguage\":\"es\",\"potentialAction\":[{\"@type\":\"ReadAction\",\"target\":[\"https:\/\/www.panver.mx\/web\/vida-interna\/estrados\/\"]}]},{\"@type\":\"BreadcrumbList\",\"@id\":\"https:\/\/www.panver.mx\/web\/vida-interna\/estrados\/#breadcrumb\",\"itemListElement\":[{\"@type\":\"ListItem\",\"position\":1,\"name\":\"Inicio\",\"item\":\"https:\/\/www.panver.mx\/web\/\"},{\"@type\":\"ListItem\",\"position\":2,\"name\":\"Vida Interna\",\"item\":\"https:\/\/www.panver.mx\/web\/vida-interna\/\"},{\"@type\":\"ListItem\",\"position\":3,\"name\":\"Estrados electr\u00f3nicos\"}]},{\"@type\":\"WebSite\",\"@id\":\"https:\/\/www.panver.mx\/web\/#website\",\"url\":\"https:\/\/www.panver.mx\/web\/\",\"name\":\"PAN Veracruz\",\"description\":\"Sitio del Comit\u00e9 Directivo Estatal del Partido Acci\u00f3n Nacional en Veracruz\",\"publisher\":{\"@id\":\"https:\/\/www.panver.mx\/web\/#organization\"},\"potentialAction\":[{\"@type\":\"SearchAction\",\"target\":{\"@type\":\"EntryPoint\",\"urlTemplate\":\"https:\/\/www.panver.mx\/web\/?s={search_term_string}\"},\"query-input\":{\"@type\":\"PropertyValueSpecification\",\"valueRequired\":true,\"valueName\":\"search_term_string\"}}],\"inLanguage\":\"es\"},{\"@type\":\"Organization\",\"@id\":\"https:\/\/www.panver.mx\/web\/#organization\",\"name\":\"PAN Veracruz\",\"url\":\"https:\/\/www.panver.mx\/web\/\",\"logo\":{\"@type\":\"ImageObject\",\"inLanguage\":\"es\",\"@id\":\"https:\/\/www.panver.mx\/web\/#\/schema\/logo\/image\/\",\"url\":\"https:\/\/www.panver.mx\/web\/wp-content\/uploads\/2022\/12\/logocabecera.png\",\"contentUrl\":\"https:\/\/www.panver.mx\/web\/wp-content\/uploads\/2022\/12\/logocabecera.png\",\"width\":409,\"height\":200,\"caption\":\"PAN Veracruz\"},\"image\":{\"@id\":\"https:\/\/www.panver.mx\/web\/#\/schema\/logo\/image\/\"}}]}<\/script>\n<!-- \/ Yoast SEO plugin. -->","yoast_head_json":{"title":"Estrados electr\u00f3nicos - PAN Veracruz","robots":{"index":"index","follow":"follow","max-snippet":"max-snippet:-1","max-image-preview":"max-image-preview:large","max-video-preview":"max-video-preview:-1"},"canonical":"https:\/\/www.panver.mx\/web\/vida-interna\/estrados\/","next":"https:\/\/www.panver.mx\/web\/vida-interna\/estrados\/54?query-20-page=2","og_locale":"es_MX","og_type":"article","og_title":"Estrados electr\u00f3nicos - PAN Veracruz","og_url":"https:\/\/www.panver.mx\/web\/vida-interna\/estrados\/","og_site_name":"PAN Veracruz","article_modified_time":"2023-05-24T19:28:52+00:00","twitter_card":"summary_large_image","schema":{"@context":"https:\/\/schema.org","@graph":[{"@type":"WebPage","@id":"https:\/\/www.panver.mx\/web\/vida-interna\/estrados\/","url":"https:\/\/www.panver.mx\/web\/vida-interna\/estrados\/","name":"Estrados electr\u00f3nicos - PAN Veracruz","isPartOf":{"@id":"https:\/\/www.panver.mx\/web\/#website"},"datePublished":"2022-12-08T01:32:54+00:00","dateModified":"2023-05-24T19:28:52+00:00","breadcrumb":{"@id":"https:\/\/www.panver.mx\/web\/vida-interna\/estrados\/#breadcrumb"},"inLanguage":"es","potentialAction":[{"@type":"ReadAction","target":["https:\/\/www.panver.mx\/web\/vida-interna\/estrados\/"]}]},{"@type":"BreadcrumbList","@id":"https:\/\/www.panver.mx\/web\/vida-interna\/estrados\/#breadcrumb","itemListElement":[{"@type":"ListItem","position":1,"name":"Inicio","item":"https:\/\/www.panver.mx\/web\/"},{"@type":"ListItem","position":2,"name":"Vida Interna","item":"https:\/\/www.panver.mx\/web\/vida-interna\/"},{"@type":"ListItem","position":3,"name":"Estrados electr\u00f3nicos"}]},{"@type":"WebSite","@id":"https:\/\/www.panver.mx\/web\/#website","url":"https:\/\/www.panver.mx\/web\/","name":"PAN Veracruz","description":"Sitio del Comit\u00e9 Directivo Estatal del Partido Acci\u00f3n Nacional en Veracruz","publisher":{"@id":"https:\/\/www.panver.mx\/web\/#organization"},"potentialAction":[{"@type":"SearchAction","target":{"@type":"EntryPoint","urlTemplate":"https:\/\/www.panver.mx\/web\/?s={search_term_string}"},"query-input":{"@type":"PropertyValueSpecification","valueRequired":true,"valueName":"search_term_string"}}],"inLanguage":"es"},{"@type":"Organization","@id":"https:\/\/www.panver.mx\/web\/#organization","name":"PAN Veracruz","url":"https:\/\/www.panver.mx\/web\/","logo":{"@type":"ImageObject","inLanguage":"es","@id":"https:\/\/www.panver.mx\/web\/#\/schema\/logo\/image\/","url":"https:\/\/www.panver.mx\/web\/wp-content\/uploads\/2022\/12\/logocabecera.png","contentUrl":"https:\/\/www.panver.mx\/web\/wp-content\/uploads\/2022\/12\/logocabecera.png","width":409,"height":200,"caption":"PAN Veracruz"},"image":{"@id":"https:\/\/www.panver.mx\/web\/#\/schema\/logo\/image\/"}}]}},"_links":{"self":[{"href":"https:\/\/www.panver.mx\/web\/wp-json\/wp\/v2\/pages\/54","targetHints":{"allow":["GET"]}}],"collection":[{"href":"https:\/\/www.panver.mx\/web\/wp-json\/wp\/v2\/pages"}],"about":[{"href":"https:\/\/www.panver.mx\/web\/wp-json\/wp\/v2\/types\/page"}],"author":[{"embeddable":true,"href":"https:\/\/www.panver.mx\/web\/wp-json\/wp\/v2\/users\/1"}],"replies":[{"embeddable":true,"href":"https:\/\/www.panver.mx\/web\/wp-json\/wp\/v2\/comments?post=54"}],"version-history":[{"count":2,"href":"https:\/\/www.panver.mx\/web\/wp-json\/wp\/v2\/pages\/54\/revisions"}],"predecessor-version":[{"id":115,"href":"https:\/\/www.panver.mx\/web\/wp-json\/wp\/v2\/pages\/54\/revisions\/115"}],"up":[{"embeddable":true,"href":"https:\/\/www.panver.mx\/web\/wp-json\/wp\/v2\/pages\/52"}],"wp:attachment":[{"href":"https:\/\/www.panver.mx\/web\/wp-json\/wp\/v2\/media?parent=54"}],"curies":[{"name":"wp","href":"https:\/\/api.w.org\/{rel}","templated":true}]}}